{"id":3881,"date":"2020-12-08T03:54:06","date_gmt":"2020-12-08T03:54:06","guid":{"rendered":"https:\/\/churchwebsites.ca\/news\/"},"modified":"2025-03-18T00:24:24","modified_gmt":"2025-03-18T00:24:24","slug":"nouvelles","status":"publish","type":"page","link":"https:\/\/churchwebsites.ca\/fr\/nouvelles\/","title":{"rendered":"Nouvelles"},"content":{"rendered":"\t\t<div data-elementor-type=\"wp-page\" data-elementor-id=\"3881\" class=\"elementor elementor-3881 elementor-25\" data-elementor-post-type=\"page\">\n\t\t\t\t\t\t<section class=\"elementor-section elementor-top-section elementor-element elementor-element-1fbe8dbc elementor-section-boxed elementor-section-height-default elementor-section-height-default row-top\" data-id=\"1fbe8dbc\" data-element_type=\"section\">\n\t\t\t\t\t\t<div class=\"elementor-container elementor-column-gap-default\">\n\t\t\t\t\t<div class=\"elementor-column elementor-col-100 elementor-top-column elementor-element elementor-element-505d4390 column-style-top\" data-id=\"505d4390\" data-element_type=\"column\">\n\t\t\t<div class=\"elementor-widget-wrap elementor-element-populated\">\n\t\t\t\t\t\t<div class=\"elementor-element elementor-element-962a554 elementor-widget elementor-widget-gva-posts\" data-id=\"962a554\" data-element_type=\"widget\" data-widget_type=\"gva-posts.default\">\n\t\t\t\t<div class=\"elementor-widget-container\">\n\t\t\t\t\t<div class=\"gva-element-gva-posts gva-element\">  \r\n  <div class=\"gva-posts-grid clearfix gva-posts\">\r\n\t\t<div class=\"gva-content-items\"> \r\n\t\t  <div class=\"lg-block-grid-3 md-block-grid-3 sm-block-grid-2 xs-block-grid-2 xx-block-grid-1\">\r\n\t\t\t \r\n<div class=\"all news-fr \">\r\n   <article id=\"post-3884\" class=\"post post-style-2 post-3884 type-post status-publish format-standard has-post-thumbnail hentry category-news-fr\">\r\n      <div class=\"post-thumbnail\">\r\n         <a href=\"https:\/\/churchwebsites.ca\/fr\/creer-des-espaces-numeriques-qui-refletent-lesprit-de-lidentite-unique-de-votre-eglise\/\">\r\n            <img fetchpriority=\"high\" decoding=\"async\" width=\"600\" height=\"450\" src=\"https:\/\/churchwebsites.ca\/wp-content\/uploads\/2025\/02\/image-fr-1-600x450.jpg\" class=\"attachment-post-thumbnail size-post-thumbnail wp-post-image\" alt=\"Cr\u00e9er des espaces num\u00e9riques qui refl\u00e8tent l&#8217;esprit de l&#8217;identit\u00e9 unique de votre \u00e9glise\" \/>         <\/a>\r\n      <\/div>  \r\n        \r\n      <div class=\"entry-content\">\r\n         <div class=\"content-inner\">\r\n            <div class=\"entry-meta\">\r\n                                 <span class=\"entry-date \">\r\n                     <i class=\"far fa-calendar-alt\"><\/i>\r\n                     f\u00e9vrier 14, 2025                  <\/span>\r\n                              <span class=\"line\">\/<\/span>\r\n               <ul class=\"post-categories\">\n\t<li><a href=\"https:\/\/churchwebsites.ca\/fr\/category\/news-fr\/\" rel=\"category tag\">Nouvelles<\/a><\/li><\/ul>            <\/div> \r\n            <h2 class=\"entry-title\">\r\n               <a href=\"https:\/\/churchwebsites.ca\/fr\/creer-des-espaces-numeriques-qui-refletent-lesprit-de-lidentite-unique-de-votre-eglise\/\">Cr\u00e9er des espaces num\u00e9riques qui refl\u00e8tent l&#8217;esprit de l&#8217;identit\u00e9 unique de votre \u00e9glise<\/a>\r\n            <\/h2>\r\n            <div class=\"read-more\">\r\n               <a class=\"btn-inline\" href=\"https:\/\/churchwebsites.ca\/fr\/creer-des-espaces-numeriques-qui-refletent-lesprit-de-lidentite-unique-de-votre-eglise\/\">\r\n                  Lire la suite<\/a>\r\n            <\/div>\r\n         <\/div>\r\n         \r\n      <\/div>\r\n      <a href=\"https:\/\/churchwebsites.ca\/fr\/creer-des-espaces-numeriques-qui-refletent-lesprit-de-lidentite-unique-de-votre-eglise\/\" class=\"link-overlay\"><\/a>\r\n   <\/article>   \r\n<\/div>\r\n\r\n  \r\n<div class=\"all news-fr \">\r\n   <article id=\"post-3887\" class=\"post post-style-2 post-3887 type-post status-publish format-standard has-post-thumbnail hentry category-news-fr\">\r\n      <div class=\"post-thumbnail\">\r\n         <a href=\"https:\/\/churchwebsites.ca\/fr\/la-valeur-dun-temoignage-pour-churchwebsites-ca\/\">\r\n            <img decoding=\"async\" width=\"600\" height=\"450\" data-src=\"https:\/\/churchwebsites.ca\/wp-content\/uploads\/2025\/02\/image-fr-2-600x450.jpg\" class=\"attachment-post-thumbnail size-post-thumbnail wp-post-image lazyload\" alt=\"La valeur d&#8217;un t\u00e9moignage pour ChurchWebsites.ca\" src=\"data:image\/svg+xml;base64,PHN2ZyB3aWR0aD0iMSIgaGVpZ2h0PSIxIiB4bWxucz0iaHR0cDovL3d3dy53My5vcmcvMjAwMC9zdmciPjwvc3ZnPg==\" style=\"--smush-placeholder-width: 600px; --smush-placeholder-aspect-ratio: 600\/450;\" \/>         <\/a>\r\n      <\/div>  \r\n        \r\n      <div class=\"entry-content\">\r\n         <div class=\"content-inner\">\r\n            <div class=\"entry-meta\">\r\n                                 <span class=\"entry-date \">\r\n                     <i class=\"far fa-calendar-alt\"><\/i>\r\n                     f\u00e9vrier 14, 2025                  <\/span>\r\n                              <span class=\"line\">\/<\/span>\r\n               <ul class=\"post-categories\">\n\t<li><a href=\"https:\/\/churchwebsites.ca\/fr\/category\/news-fr\/\" rel=\"category tag\">Nouvelles<\/a><\/li><\/ul>            <\/div> \r\n            <h2 class=\"entry-title\">\r\n               <a href=\"https:\/\/churchwebsites.ca\/fr\/la-valeur-dun-temoignage-pour-churchwebsites-ca\/\">La valeur d&#8217;un t\u00e9moignage pour ChurchWebsites.ca<\/a>\r\n            <\/h2>\r\n            <div class=\"read-more\">\r\n               <a class=\"btn-inline\" href=\"https:\/\/churchwebsites.ca\/fr\/la-valeur-dun-temoignage-pour-churchwebsites-ca\/\">\r\n                  Lire la suite<\/a>\r\n            <\/div>\r\n         <\/div>\r\n         \r\n      <\/div>\r\n      <a href=\"https:\/\/churchwebsites.ca\/fr\/la-valeur-dun-temoignage-pour-churchwebsites-ca\/\" class=\"link-overlay\"><\/a>\r\n   <\/article>   \r\n<\/div>\r\n\r\n  \r\n<div class=\"all news-fr \">\r\n   <article id=\"post-3889\" class=\"post post-style-2 post-3889 type-post status-publish format-standard has-post-thumbnail hentry category-news-fr\">\r\n      <div class=\"post-thumbnail\">\r\n         <a href=\"https:\/\/churchwebsites.ca\/fr\/renforcer-les-communautes-religieuses-le-role-des-sites-web-deglise-ca\/\">\r\n            <img decoding=\"async\" width=\"600\" height=\"450\" data-src=\"https:\/\/churchwebsites.ca\/wp-content\/uploads\/2025\/02\/image-fr-3-600x450.jpg\" class=\"attachment-post-thumbnail size-post-thumbnail wp-post-image lazyload\" alt=\"Renforcer les communaut\u00e9s religieuses : Le r\u00f4le des sites web d&#8217;\u00e9glise.ca\" src=\"data:image\/svg+xml;base64,PHN2ZyB3aWR0aD0iMSIgaGVpZ2h0PSIxIiB4bWxucz0iaHR0cDovL3d3dy53My5vcmcvMjAwMC9zdmciPjwvc3ZnPg==\" style=\"--smush-placeholder-width: 600px; --smush-placeholder-aspect-ratio: 600\/450;\" \/>         <\/a>\r\n      <\/div>  \r\n        \r\n      <div class=\"entry-content\">\r\n         <div class=\"content-inner\">\r\n            <div class=\"entry-meta\">\r\n                                 <span class=\"entry-date \">\r\n                     <i class=\"far fa-calendar-alt\"><\/i>\r\n                     f\u00e9vrier 12, 2025                  <\/span>\r\n                              <span class=\"line\">\/<\/span>\r\n               <ul class=\"post-categories\">\n\t<li><a href=\"https:\/\/churchwebsites.ca\/fr\/category\/news-fr\/\" rel=\"category tag\">Nouvelles<\/a><\/li><\/ul>            <\/div> \r\n            <h2 class=\"entry-title\">\r\n               <a href=\"https:\/\/churchwebsites.ca\/fr\/renforcer-les-communautes-religieuses-le-role-des-sites-web-deglise-ca\/\">Renforcer les communaut\u00e9s religieuses : Le r\u00f4le des sites web d&#8217;\u00e9glise.ca<\/a>\r\n            <\/h2>\r\n            <div class=\"read-more\">\r\n               <a class=\"btn-inline\" href=\"https:\/\/churchwebsites.ca\/fr\/renforcer-les-communautes-religieuses-le-role-des-sites-web-deglise-ca\/\">\r\n                  Lire la suite<\/a>\r\n            <\/div>\r\n         <\/div>\r\n         \r\n      <\/div>\r\n      <a href=\"https:\/\/churchwebsites.ca\/fr\/renforcer-les-communautes-religieuses-le-role-des-sites-web-deglise-ca\/\" class=\"link-overlay\"><\/a>\r\n   <\/article>   \r\n<\/div>\r\n\r\n  \r\n<div class=\"all news-fr \">\r\n   <article id=\"post-3891\" class=\"post post-style-2 post-3891 type-post status-publish format-standard has-post-thumbnail hentry category-news-fr\">\r\n      <div class=\"post-thumbnail\">\r\n         <a href=\"https:\/\/churchwebsites.ca\/fr\/la-technologie-peut-elle-maider-a-renforcer-ma-relation-avec-dieu\/\">\r\n            <img decoding=\"async\" width=\"600\" height=\"450\" data-src=\"https:\/\/churchwebsites.ca\/wp-content\/uploads\/2024\/12\/blog2-600x450.webp\" class=\"attachment-post-thumbnail size-post-thumbnail wp-post-image lazyload\" alt=\"La technologie peut-elle m&#8217;aider \u00e0 renforcer ma relation avec Dieu ?\" src=\"data:image\/svg+xml;base64,PHN2ZyB3aWR0aD0iMSIgaGVpZ2h0PSIxIiB4bWxucz0iaHR0cDovL3d3dy53My5vcmcvMjAwMC9zdmciPjwvc3ZnPg==\" style=\"--smush-placeholder-width: 600px; --smush-placeholder-aspect-ratio: 600\/450;\" \/>         <\/a>\r\n      <\/div>  \r\n        \r\n      <div class=\"entry-content\">\r\n         <div class=\"content-inner\">\r\n            <div class=\"entry-meta\">\r\n                                 <span class=\"entry-date \">\r\n                     <i class=\"far fa-calendar-alt\"><\/i>\r\n                     d\u00e9cembre 10, 2024                  <\/span>\r\n                              <span class=\"line\">\/<\/span>\r\n               <ul class=\"post-categories\">\n\t<li><a href=\"https:\/\/churchwebsites.ca\/fr\/category\/news-fr\/\" rel=\"category tag\">Nouvelles<\/a><\/li><\/ul>            <\/div> \r\n            <h2 class=\"entry-title\">\r\n               <a href=\"https:\/\/churchwebsites.ca\/fr\/la-technologie-peut-elle-maider-a-renforcer-ma-relation-avec-dieu\/\">La technologie peut-elle m&#8217;aider \u00e0 renforcer ma relation avec Dieu ?<\/a>\r\n            <\/h2>\r\n            <div class=\"read-more\">\r\n               <a class=\"btn-inline\" href=\"https:\/\/churchwebsites.ca\/fr\/la-technologie-peut-elle-maider-a-renforcer-ma-relation-avec-dieu\/\">\r\n                  Lire la suite<\/a>\r\n            <\/div>\r\n         <\/div>\r\n         \r\n      <\/div>\r\n      <a href=\"https:\/\/churchwebsites.ca\/fr\/la-technologie-peut-elle-maider-a-renforcer-ma-relation-avec-dieu\/\" class=\"link-overlay\"><\/a>\r\n   <\/article>   \r\n<\/div>\r\n\r\n  \r\n<div class=\"all news-fr \">\r\n   <article id=\"post-3894\" class=\"post post-style-2 post-3894 type-post status-publish format-standard has-post-thumbnail hentry category-news-fr\">\r\n      <div class=\"post-thumbnail\">\r\n         <a href=\"https:\/\/churchwebsites.ca\/fr\/comment-concilier-ma-foi-avec-un-emploi-du-temps-charge\/\">\r\n            <img decoding=\"async\" width=\"600\" height=\"450\" data-src=\"https:\/\/churchwebsites.ca\/wp-content\/uploads\/2024\/12\/blog-1-600x450.webp\" class=\"attachment-post-thumbnail size-post-thumbnail wp-post-image lazyload\" alt=\"Comment concilier ma foi avec un emploi du temps charg\u00e9 ?\" src=\"data:image\/svg+xml;base64,PHN2ZyB3aWR0aD0iMSIgaGVpZ2h0PSIxIiB4bWxucz0iaHR0cDovL3d3dy53My5vcmcvMjAwMC9zdmciPjwvc3ZnPg==\" style=\"--smush-placeholder-width: 600px; --smush-placeholder-aspect-ratio: 600\/450;\" \/>         <\/a>\r\n      <\/div>  \r\n        \r\n      <div class=\"entry-content\">\r\n         <div class=\"content-inner\">\r\n            <div class=\"entry-meta\">\r\n                                 <span class=\"entry-date \">\r\n                     <i class=\"far fa-calendar-alt\"><\/i>\r\n                     d\u00e9cembre 10, 2024                  <\/span>\r\n                              <span class=\"line\">\/<\/span>\r\n               <ul class=\"post-categories\">\n\t<li><a href=\"https:\/\/churchwebsites.ca\/fr\/category\/news-fr\/\" rel=\"category tag\">Nouvelles<\/a><\/li><\/ul>            <\/div> \r\n            <h2 class=\"entry-title\">\r\n               <a href=\"https:\/\/churchwebsites.ca\/fr\/comment-concilier-ma-foi-avec-un-emploi-du-temps-charge\/\">Comment concilier ma foi avec un emploi du temps charg\u00e9 ?<\/a>\r\n            <\/h2>\r\n            <div class=\"read-more\">\r\n               <a class=\"btn-inline\" href=\"https:\/\/churchwebsites.ca\/fr\/comment-concilier-ma-foi-avec-un-emploi-du-temps-charge\/\">\r\n                  Lire la suite<\/a>\r\n            <\/div>\r\n         <\/div>\r\n         \r\n      <\/div>\r\n      <a href=\"https:\/\/churchwebsites.ca\/fr\/comment-concilier-ma-foi-avec-un-emploi-du-temps-charge\/\" class=\"link-overlay\"><\/a>\r\n   <\/article>   \r\n<\/div>\r\n\r\n  \t\t  <\/div>\r\n\t\t<\/div>\r\n\t\t\t\t\t <div class=\"pagination\">\r\n\t\t\t\t  \t\t\t <\/div>\r\n\t\t  <\/div>\r\n  <\/div>\t\t\t\t<\/div>\n\t\t\t\t<\/div>\n\t\t\t\t\t<\/div>\n\t\t<\/div>\n\t\t\t\t\t<\/div>\n\t\t<\/section>\n\t\t\t\t<\/div>\n\t\t","protected":false},"excerpt":{"rendered":"<p>February 14, 2025 \/ Uncategorized Creating Digital Spaces that Reflect the Spirit of Your Church&#8217;s Unique Identity Read More February 14, 2025 \/ Uncategorized The Value of a Testimonial for [&hellip;]<\/p>\n","protected":false},"author":1,"featured_media":3645,"parent":0,"menu_order":0,"comment_status":"closed","ping_status":"closed","template":"","meta":{"footnotes":""},"class_list":["post-3881","page","type-page","status-publish","has-post-thumbnail","hentry"],"_links":{"self":[{"href":"https:\/\/churchwebsites.ca\/fr\/wp-json\/wp\/v2\/pages\/3881","targetHints":{"allow":["GET"]}}],"collection":[{"href":"https:\/\/churchwebsites.ca\/fr\/wp-json\/wp\/v2\/pages"}],"about":[{"href":"https:\/\/churchwebsites.ca\/fr\/wp-json\/wp\/v2\/types\/page"}],"author":[{"embeddable":true,"href":"https:\/\/churchwebsites.ca\/fr\/wp-json\/wp\/v2\/users\/1"}],"replies":[{"embeddable":true,"href":"https:\/\/churchwebsites.ca\/fr\/wp-json\/wp\/v2\/comments?post=3881"}],"version-history":[{"count":1,"href":"https:\/\/churchwebsites.ca\/fr\/wp-json\/wp\/v2\/pages\/3881\/revisions"}],"predecessor-version":[{"id":3882,"href":"https:\/\/churchwebsites.ca\/fr\/wp-json\/wp\/v2\/pages\/3881\/revisions\/3882"}],"wp:featuredmedia":[{"embeddable":true,"href":"https:\/\/churchwebsites.ca\/fr\/wp-json\/wp\/v2\/media\/3645"}],"wp:attachment":[{"href":"https:\/\/churchwebsites.ca\/fr\/wp-json\/wp\/v2\/media?parent=3881"}],"curies":[{"name":"wp","href":"https:\/\/api.w.org\/{rel}","templated":true}]}}